{"id":18,"date":"2011-11-26T10:45:58","date_gmt":"2011-11-26T09:45:58","guid":{"rendered":"http:\/\/dom-orehovica.hr.win7.mojsite.com\/web\/?page_id=18"},"modified":"2025-10-30T14:13:53","modified_gmt":"2025-10-30T13:13:53","slug":"kontakt","status":"publish","type":"page","link":"https:\/\/dom-orehovica.hr\/?page_id=18","title":{"rendered":"Kontakt"},"content":{"rendered":"<table width=\"100%\">\n<tbody>\n<tr>\n<td width=\"234\"><strong>Centrala:<\/strong><\/p>\n<p><strong><br \/>\nTelefaks:&nbsp;<\/strong><\/td>\n<td width=\"123\"><strong>040 635 305<\/strong><\/p>\n<p>&nbsp;<\/p>\n<p><strong>040 635 242<\/strong><\/td>\n<td width=\"247\">&nbsp;<\/td>\n<\/tr>\n<tr>\n<td width=\"234\"><strong>Pozivi korisnicima:<\/strong><\/td>\n<td colspan=\"2\" width=\"371\">095 635 0005 (tablet \u2013 video pozivi)<\/td>\n<\/tr>\n<tr>\n<td width=\"234\"><strong>&nbsp;<\/strong><\/td>\n<td width=\"123\"><strong>&nbsp;<\/strong><\/td>\n<td width=\"247\"><strong>&nbsp;<\/strong><\/td>\n<\/tr>\n<tr>\n<td width=\"234\"><strong>&nbsp;<\/strong><\/td>\n<td width=\"123\"><strong>Mob.\/tel.<\/strong><\/td>\n<td width=\"247\"><strong>Tel.\/e-mail<\/strong><\/td>\n<\/tr>\n<tr>\n<td width=\"234\"><strong>Ravnateljica:<\/strong><\/td>\n<td width=\"123\"><strong>040 635 205<\/strong><\/td>\n<td width=\"247\">&nbsp;<\/td>\n<\/tr>\n<tr>\n<td width=\"234\">Melita Horvat, mag. act. soc.<\/td>\n<td width=\"123\">099 6066 300<\/td>\n<td width=\"247\">melita.horvat@socskrb.hr<\/td>\n<\/tr>\n<tr>\n<td width=\"234\">&nbsp;<\/td>\n<td width=\"123\">&nbsp;<\/td>\n<td width=\"247\">&nbsp;<\/td>\n<\/tr>\n<tr>\n<td colspan=\"3\" width=\"605\"><strong>Usluge socijalnog rada i psihosocijalne rehabilitacije: 040 635 207<\/strong><\/td>\n<\/tr>\n<tr>\n<td width=\"234\">Doroteja Luk\u0161a, dip. soc. radnica<br \/>\nvoditelj odjela<\/td>\n<td width=\"123\">099 6066 302<\/td>\n<td width=\"247\">doroteja.luksa@socskrb.hr<\/td>\n<\/tr>\n<tr>\n<td width=\"234\">Nela Fi\u0161ku\u0161 O\u017eeg, mag. soc. rada<\/td>\n<td width=\"123\">&nbsp;<\/td>\n<td width=\"247\">&nbsp;<\/td>\n<\/tr>\n<tr>\n<td width=\"234\">Maja Blagus, dip. soc. radnica<\/td>\n<td width=\"123\">099 2066 319<\/td>\n<td width=\"247\">maja.blagus@socskrb.hr<\/td>\n<\/tr>\n<tr>\n<td width=\"234\">Gordana Ivanek Jovi\u0107, prof. psihologije<\/td>\n<td width=\"123\">099 6066 304<\/td>\n<td width=\"247\">gordana.ivanek@socskrb.hr<\/td>\n<\/tr>\n<tr>\n<td width=\"234\">&nbsp;<\/td>\n<td width=\"123\">&nbsp;<\/td>\n<td width=\"247\">&nbsp;<\/td>\n<\/tr>\n<tr>\n<td width=\"234\">Borna Kova\u010devi\u0107, bacc. radne terapije<\/td>\n<td width=\"123\">099 2066 315<\/td>\n<td width=\"247\">borna.kovacevic@socskrb.hr<\/td>\n<\/tr>\n<tr>\n<td width=\"234\">&nbsp;<\/td>\n<td width=\"123\">&nbsp;<\/td>\n<td width=\"247\">&nbsp;<\/td>\n<\/tr>\n<tr>\n<td width=\"234\">&nbsp;<\/td>\n<td width=\"123\">&nbsp;<\/td>\n<td width=\"247\">&nbsp;<\/td>\n<\/tr>\n<tr>\n<td width=\"234\"><strong>Odjel njege i brige o zdravlju:<\/strong><\/td>\n<td width=\"123\"><strong>040 635 308<\/strong><\/td>\n<td width=\"247\">&nbsp;<\/td>\n<\/tr>\n<tr>\n<td width=\"234\">Martina Novak, bacc. med. techn.,<br \/>\nvoditelj odjela<\/td>\n<td width=\"123\">099 6066 303<\/td>\n<td width=\"247\">dom.orehovica.ambulanta@gmail.com<\/td>\n<\/tr>\n<tr>\n<td width=\"234\">Jelena Vuleti\u0107 \u010ci\u010dko,&nbsp;bacc. med. techn.,<br \/>\nvoditelj odsjeka<\/td>\n<td width=\"123\">099 6066 303<\/td>\n<td width=\"247\">&nbsp;<\/td>\n<\/tr>\n<tr>\n<td width=\"234\">Ambulanta \u2013 prizemlje<\/td>\n<td width=\"123\">099 6066 307<\/td>\n<td width=\"247\">&nbsp;<\/td>\n<\/tr>\n<tr>\n<td width=\"234\">Ambulanta \u2013 stacionar<\/td>\n<td width=\"123\">099 6066 310<\/td>\n<td width=\"247\">&nbsp;<\/td>\n<\/tr>\n<tr>\n<td width=\"234\">&nbsp;<\/td>\n<td width=\"123\">&nbsp;<\/td>\n<td width=\"247\">&nbsp;<\/td>\n<\/tr>\n<tr>\n<td colspan=\"3\" width=\"605\"><strong>Odjel financijsko, ra\u010dunovodstvenih i administrativnih poslova: 040 635 405<\/strong><\/td>\n<\/tr>\n<tr>\n<td width=\"234\">&nbsp;<\/td>\n<td width=\"123\">&nbsp;<\/td>\n<td width=\"247\">&nbsp;<\/td>\n<\/tr>\n<tr>\n<td width=\"234\">Helena Horvat, bacc. oec., voditeljica odjela<\/td>\n<td width=\"123\">099 6066 301<\/td>\n<td width=\"247\">helena.horvat@socskrb.hr<\/td>\n<\/tr>\n<tr>\n<td width=\"234\">Iva Kranjec, ra\u010dunovodstveni referent<\/td>\n<td width=\"123\">040 635 305<\/td>\n<td width=\"247\">iva.kranjec@socskrb.hr<\/td>\n<\/tr>\n<tr>\n<td width=\"234\">Renata Perko, ra\u010dunovodstveni referent<\/td>\n<td width=\"123\">040 635 305<\/td>\n<td width=\"247\">renata.perko@socskrb.hr<\/td>\n<\/tr>\n<tr>\n<td width=\"234\">Goran Borovi\u0107, administrativni referent<\/td>\n<td width=\"123\">095 348 2806<\/td>\n<td width=\"247\">goran.borovic@socskrb.hr<\/td>\n<\/tr>\n<tr>\n<td width=\"234\"><strong>&nbsp;<\/strong><\/td>\n<td width=\"123\">&nbsp;<\/td>\n<td width=\"247\">&nbsp;<\/td>\n<\/tr>\n<tr>\n<td width=\"234\"><strong>Pomo\u0107no \u2013 tehni\u010dka slu\u017eba:<\/strong><\/td>\n<td width=\"123\">&nbsp;<\/td>\n<td width=\"247\">&nbsp;<\/td>\n<\/tr>\n<tr>\n<td width=\"234\">Bo\u017eica Varga, voditeljica odjela \u2013 ekonom<\/td>\n<td width=\"123\">099 6066 311<\/td>\n<td width=\"247\">bozica.varga@socskrb.hr<\/td>\n<\/tr>\n<tr>\n<td width=\"234\">Sanela Barana\u0161i\u0107, skladi\u0161tar<\/td>\n<td width=\"123\">099 6066 309<\/td>\n<td width=\"247\">sanela.baranasic@socskrb.hr<\/td>\n<\/tr>\n<tr>\n<td width=\"234\">Damir \u0160ari\u0107, ku\u0107ni majstor<\/td>\n<td width=\"123\">099 6066 312<\/td>\n<td width=\"247\">&nbsp;<\/td>\n<\/tr>\n<tr>\n<td width=\"234\">&nbsp;<\/td>\n<td width=\"123\">&nbsp;<\/td>\n<td width=\"247\">&nbsp;<\/td>\n<\/tr>\n<tr>\n<td width=\"234\"><strong>Slu\u017ebenik za informiranje<\/strong><\/td>\n<td width=\"123\">&nbsp;<\/td>\n<td width=\"247\">&nbsp;<\/td>\n<\/tr>\n<tr>\n<td width=\"234\">Gordana Ivanek Jovi\u0107, prof. psihologije<\/td>\n<td width=\"123\">099 6066 304<\/td>\n<td width=\"247\">gordana.ivanek@socskrb.hr<\/td>\n<\/tr>\n<tr>\n<td width=\"234\">&nbsp;<\/td>\n<td width=\"123\">&nbsp;<\/td>\n<td width=\"247\">&nbsp;<\/td>\n<\/tr>\n<tr>\n<td colspan=\"3\" width=\"605\"><strong>Povjerljivi savjetnik (za za\u0161titu dostojanstva zaposlenika)<\/strong><\/td>\n<\/tr>\n<tr>\n<td width=\"234\">Gordana Ivanek Jovi\u0107, prof. psihologije<\/td>\n<td width=\"123\">099 6066 304<\/td>\n<td width=\"247\">gordana.ivanek@socskrb.hr<\/td>\n<\/tr>\n<tr>\n<td width=\"234\">&nbsp;<\/td>\n<td width=\"123\">&nbsp;<\/td>\n<td width=\"247\">&nbsp;<\/td>\n<\/tr>\n<tr>\n<td width=\"234\">&nbsp;<\/td>\n<td width=\"123\">&nbsp;<\/td>\n<td width=\"247\">&nbsp;<\/td>\n<\/tr>\n<tr>\n<td width=\"234\"><strong>Povjerljiva osoba za nepravilnosti<\/strong><\/td>\n<td width=\"123\">&nbsp;<\/td>\n<td width=\"247\">&nbsp;<\/td>\n<\/tr>\n<tr>\n<td width=\"234\">Maja Blagus, dipl. soc. radnica<\/td>\n<td width=\"123\">099 2066 319<\/td>\n<td width=\"247\">maja.blagus@socskrb.hr<\/td>\n<\/tr>\n<tr>\n<td width=\"234\">Ana Kani\u0161ki, bacc. psysioth&nbsp;&nbsp;<\/td>\n<td width=\"123\">&nbsp;<\/td>\n<td width=\"247\">Ana.posavec@socskrb.hr<\/td>\n<\/tr>\n<tr>\n<td colspan=\"3\" width=\"605\"><strong>Slu\u017ebenik za za\u0161titu osobnih podataka<\/strong><\/td>\n<\/tr>\n<tr>\n<td width=\"234\">Katarina Bukovi\u0107, univ. bacc. oec.<\/td>\n<td width=\"123\">099 6066 301<\/td>\n<td width=\"247\">katarina.bukovic@socskrb.hr<\/td>\n<\/tr>\n<\/tbody>\n<\/table>\n<p>&nbsp;<\/p>\n<p>&nbsp;<\/p>\n","protected":false},"excerpt":{"rendered":"<p>Centrala: Telefaks:&nbsp; 040 635 305 &nbsp; 040 635 242 &nbsp; Pozivi korisnicima: 095 635 0005 (tablet \u2013 video pozivi) &nbsp; &nbsp; &nbsp; &nbsp; Mob.\/tel. Tel.\/e-mail Ravnateljica: 040 635 205 &nbsp; Melita Horvat, mag. act. soc. 099 6066 300 melita.horvat@socskrb.hr &nbsp; &nbsp; &nbsp; Usluge socijalnog rada i psihosocijalne rehabilitacije: 040 635 207 Doroteja Luk\u0161a, dip. soc.&hellip;<\/p>\n","protected":false},"author":2,"featured_media":0,"parent":0,"menu_order":6,"comment_status":"closed","ping_status":"open","template":"","meta":{"ngg_post_thumbnail":0,"footnotes":""},"_links":{"self":[{"href":"https:\/\/dom-orehovica.hr\/index.php?rest_route=\/wp\/v2\/pages\/18"}],"collection":[{"href":"https:\/\/dom-orehovica.hr\/index.php?rest_route=\/wp\/v2\/pages"}],"about":[{"href":"https:\/\/dom-orehovica.hr\/index.php?rest_route=\/wp\/v2\/types\/page"}],"author":[{"embeddable":true,"href":"https:\/\/dom-orehovica.hr\/index.php?rest_route=\/wp\/v2\/users\/2"}],"replies":[{"embeddable":true,"href":"https:\/\/dom-orehovica.hr\/index.php?rest_route=%2Fwp%2Fv2%2Fcomments&post=18"}],"version-history":[{"count":67,"href":"https:\/\/dom-orehovica.hr\/index.php?rest_route=\/wp\/v2\/pages\/18\/revisions"}],"predecessor-version":[{"id":4362,"href":"https:\/\/dom-orehovica.hr\/index.php?rest_route=\/wp\/v2\/pages\/18\/revisions\/4362"}],"wp:attachment":[{"href":"https:\/\/dom-orehovica.hr\/index.php?rest_route=%2Fwp%2Fv2%2Fmedia&parent=18"}],"curies":[{"name":"wp","href":"https:\/\/api.w.org\/{rel}","templated":true}]}}